{"id":269890,"date":"2024-08-05T10:42:28","date_gmt":"2024-08-05T08:42:28","guid":{"rendered":"https:\/\/staging.laboklin.com\/labogen\/labogen_wp\/index.php\/couleur-longueur-des-poils-structure-des-poils\/"},"modified":"2024-09-17T10:55:35","modified_gmt":"2024-09-17T08:55:35","slug":"couleur-longueur-des-poils-structure-des-poils","status":"publish","type":"page","link":"https:\/\/labogen.com\/fr\/couleur-longueur-des-poils-structure-des-poils\/","title":{"rendered":"Couleur \/ Longueur des poils \/ Structure des poils"},"content":{"rendered":"\t\t<div data-elementor-type=\"wp-page\" data-elementor-id=\"269890\" class=\"elementor elementor-269890 elementor-10684\">\n\t\t\t\t<div class=\"elementor-element elementor-element-7dd4bd2 e-grid e-con-boxed e-con e-parent\" data-id=\"7dd4bd2\" data-element_type=\"container\">\n\t\t\t\t\t<div class=\"e-con-inner\">\n\t\t\t\t<div class=\"elementor-element elementor-element-d7d9849 elementor-widget elementor-widget-ifeaturedbox\" data-id=\"d7d9849\" data-element_type=\"widget\" data-widget_type=\"ifeaturedbox.default\">\n\t\t\t\t<div class=\"elementor-widget-container\">\n\t\t\t\r\n\t\t<div class=\"ot-features-box\">\r\n\t\t\t<div class=\"features-image\" id=\"animated-thumbnials\">\r\n\t\t\t\t<a href=\"https:\/\/labogen.com\/fr\/couleur-longueur-du-poil-structure-du-poil-chien\/\">\t\t\t\t\t\t\t\t\t<span class=\"overlay flex-middle\"><i class=\"ot-flaticon-add\"><\/i><\/span>\r\n\t\t\t\t\t<img fetchpriority=\"high\" decoding=\"async\" width=\"500\" height=\"500\" src=\"https:\/\/labogen.com\/wp-content\/uploads\/2024\/08\/FR_DOG_ICONS.jpg\" class=\"attachment-full size-full wp-image-269518\" alt=\"\" srcset=\"https:\/\/labogen.com\/wp-content\/uploads\/2024\/08\/FR_DOG_ICONS.jpg 500w, https:\/\/labogen.com\/wp-content\/uploads\/2024\/08\/FR_DOG_ICONS-300x300.jpg 300w, https:\/\/labogen.com\/wp-content\/uploads\/2024\/08\/FR_DOG_ICONS-150x150.jpg 150w\" sizes=\"(max-width: 500px) 100vw, 500px\" \/>\t\t\t\t\t\t\t\t<\/a>\t\t\t\t\r\n\t\t\t<\/div>\r\n\t\t\t\t\t\t<div class=\"features-content\">\r\n\t\t\t\t<h6 class=\"features-box-title\"><a ><span>Couleur \/ longueur \/ structure.<\/span> POILS<\/a><\/h6>\t\t\t<\/div>\r\n\t\t\t\t    <\/div>\r\n\r\n\t    \t\t<\/div>\n\t\t\t\t<\/div>\n\t\t\t\t<div class=\"elementor-element elementor-element-15cabb7 elementor-widget elementor-widget-ifeaturedbox\" data-id=\"15cabb7\" data-element_type=\"widget\" data-widget_type=\"ifeaturedbox.default\">\n\t\t\t\t<div class=\"elementor-widget-container\">\n\t\t\t\r\n\t\t<div class=\"ot-features-box\">\r\n\t\t\t<div class=\"features-image\" id=\"animated-thumbnials\">\r\n\t\t\t\t<a href=\"https:\/\/labogen.com\/fr\/couleur-longueur-structure-des-poils-chat\/\">\t\t\t\t\t\t\t\t\t<span class=\"overlay flex-middle\"><i class=\"ot-flaticon-add\"><\/i><\/span>\r\n\t\t\t\t\t<img decoding=\"async\" width=\"500\" height=\"500\" src=\"https:\/\/labogen.com\/wp-content\/uploads\/2024\/08\/FR_CAT_ICONS.jpg\" class=\"attachment-full size-full wp-image-269567\" alt=\"\" srcset=\"https:\/\/labogen.com\/wp-content\/uploads\/2024\/08\/FR_CAT_ICONS.jpg 500w, https:\/\/labogen.com\/wp-content\/uploads\/2024\/08\/FR_CAT_ICONS-300x300.jpg 300w, https:\/\/labogen.com\/wp-content\/uploads\/2024\/08\/FR_CAT_ICONS-150x150.jpg 150w\" sizes=\"(max-width: 500px) 100vw, 500px\" \/>\t\t\t\t\t\t\t\t<\/a>\t\t\t\t\r\n\t\t\t<\/div>\r\n\t\t\t\t\t\t<div class=\"features-content\">\r\n\t\t\t\t<h6 class=\"features-box-title\"><a ><span>Couleur \/ Longueur \/ Structure.<\/span> Chat<\/a><\/h6>\t\t\t<\/div>\r\n\t\t\t\t    <\/div>\r\n\r\n\t    \t\t<\/div>\n\t\t\t\t<\/div>\n\t\t\t\t<div class=\"elementor-element elementor-element-3de7ebf elementor-widget elementor-widget-ifeaturedbox\" data-id=\"3de7ebf\" data-element_type=\"widget\" data-widget_type=\"ifeaturedbox.default\">\n\t\t\t\t<div class=\"elementor-widget-container\">\n\t\t\t\r\n\t\t<div class=\"ot-features-box\">\r\n\t\t\t<div class=\"features-image\" id=\"animated-thumbnials\">\r\n\t\t\t\t<a href=\"https:\/\/labogen.com\/fr\/couleur-longueur-des-crins-structure-des-crins-cheval\/\">\t\t\t\t\t\t\t\t\t<span class=\"overlay flex-middle\"><i class=\"ot-flaticon-add\"><\/i><\/span>\r\n\t\t\t\t\t<img decoding=\"async\" width=\"500\" height=\"500\" src=\"https:\/\/labogen.com\/wp-content\/uploads\/2024\/08\/FR_ICONS_Website.jpg\" class=\"attachment-full size-full wp-image-269427\" alt=\"\" srcset=\"https:\/\/labogen.com\/wp-content\/uploads\/2024\/08\/FR_ICONS_Website.jpg 500w, https:\/\/labogen.com\/wp-content\/uploads\/2024\/08\/FR_ICONS_Website-300x300.jpg 300w, https:\/\/labogen.com\/wp-content\/uploads\/2024\/08\/FR_ICONS_Website-150x150.jpg 150w\" sizes=\"(max-width: 500px) 100vw, 500px\" \/>\t\t\t\t\t\t\t\t<\/a>\t\t\t\t\r\n\t\t\t<\/div>\r\n\t\t\t\t\t\t<div class=\"features-content\">\r\n\t\t\t\t<h6 class=\"features-box-title\"><a ><span>Couleur \/ Longueur \/ Structure.<\/span> CHEVAL<\/a><\/h6>\t\t\t<\/div>\r\n\t\t\t\t    <\/div>\r\n\r\n\t    \t\t<\/div>\n\t\t\t\t<\/div>\n\t\t\t\t\t<\/div>\n\t\t\t\t<\/div>\n\t\t<div class=\"elementor-element elementor-element-427b39d e-flex e-con-boxed e-con e-parent\" data-id=\"427b39d\" data-element_type=\"container\">\n\t\t\t\t\t<div class=\"e-con-inner\">\n\t\t\t\t<div class=\"elementor-element elementor-element-92301b1 elementor-widget elementor-widget-text-editor\" data-id=\"92301b1\" data-element_type=\"widget\" data-widget_type=\"text-editor.default\">\n\t\t\t\t<div class=\"elementor-widget-container\">\n\t\t\t\t\t\t\t<h5>Le r\u00f4le des couleurs et des caract\u00e9ristiques de la robe dans l&rsquo;\u00e9levage<\/h5>\n<p><strong>La couleur<\/strong> et <strong>la structure du pelage<\/strong> contribuent souvent de mani\u00e8re significative \u00e0 l&rsquo;apparence typique de la race d&rsquo;un animal. Certaines <strong>associations d&rsquo;\u00e9levage<\/strong> ne reconnaissent m\u00eame que certaines vari\u00e9t\u00e9s de couleurs et\/ou de longueurs de poils et seuls les animaux correspondants sont admis \u00e0 l&rsquo;\u00e9levage (on parle alors de<strong>standard d&rsquo;\u00e9levage<\/strong>). Il n&rsquo;est pas rare que la couleur et la longueur du pelage jouent \u00e9galement un r\u00f4le important dans la <strong>d\u00e9cision d&rsquo;achat<\/strong> du nouveau membre de la famille.<\/p>\n<p>Les tests g\u00e9n\u00e9tiques permettent d&rsquo;\u00e9tudier les <strong>pr\u00e9dispositions<\/strong> d&rsquo;un animal pour certaines caract\u00e9ristiques de sa robe. Sur la base des <strong>variantes<\/strong> disponibles, il est possible de faire des d\u00e9clarations sur l&rsquo;<strong>apparence possible des descendants<\/strong>. De plus, il est possible de se prononcer sur la <strong>couleur de la robe \u00e0 l&rsquo;\u00e2ge adulte<\/strong> d\u00e8s l&rsquo;\u00e2ge du chiot\/chaton ou du poulain, m\u00eame si celle-ci devait <strong>encore changer<\/strong> entre-temps.<\/p>\n<h5>La diversit\u00e9 des couleurs et des motifs<\/h5>\n<p>Bien que l&rsquo;on n&rsquo;ait pas encore identifi\u00e9 tous les g\u00e8nes \u00e0 l&rsquo;origine de la <strong>diversit\u00e9 des couleurs et des caract\u00e9ristiques du pelage<\/strong> chez le chien, le chat et le cheval, il est d\u00e9j\u00e0 possible de d\u00e9terminer l&rsquo;origine g\u00e9n\u00e9tique de nombreuses caract\u00e9ristiques du pelage. Par exemple, en plus d&rsquo;une large gamme de <strong>tests de couleur de robe<\/strong>, <strong>des <\/strong>tests sont \u00e9galement disponibles pour les <strong>taches, les motifs <\/strong>et<strong> les dessins de robe, <\/strong><strong> l<\/strong>&lsquo;<strong> amincissement de la couleur<\/strong>, la <strong>longueur du poil<\/strong> (poil court ou long), et la <strong>texture <\/strong>de la robe (lisse ou rugueuse, boucl\u00e9e).  <\/p>\n<h5>L&rsquo;influence des variations de couleur sur la sant\u00e9<\/h5>\n<p>Certaines variantes n&rsquo;ont pas seulement un impact sur l&rsquo;<strong>aspect ext\u00e9rieur<\/strong>, mais aussi sur la <strong>sant\u00e9<\/strong> de nos compagnons \u00e0 quatre pattes. En particulier, les g\u00e8nes qui contr\u00f4lent la distribution des motifs blancs influencent en partie non seulement la <strong>pigmentation<\/strong> du pelage, mais aussi le <strong>d\u00e9veloppement<\/strong> et la <strong>formation des cellules sensorielles auditives et visuelles<\/strong>. Dans ces cas, les \u00e9leveurs doivent imp\u00e9rativement d\u00e9terminer le g\u00e9notype de l&rsquo;animal avant de se lancer dans la reproduction et choisir un partenaire d&rsquo;accouplement appropri\u00e9 afin d&rsquo;\u00e9viter <strong>d&rsquo;<\/strong> \u00e9ventuels <strong>probl\u00e8mes de sant\u00e9<\/strong>, voire <strong>des<\/strong> <strong>\u00e9levages de torture<\/strong>.<\/p>\n\t\t\t\t\t\t<\/div>\n\t\t\t\t<\/div>\n\t\t\t\t\t<\/div>\n\t\t\t\t<\/div>\n\t\t\t\t<\/div>\n\t\t","protected":false},"excerpt":{"rendered":"<p>Couleur \/ longueur \/ structure. POILS Couleur \/ Longueur \/ Structure. Chat Couleur \/ Longueur \/ Structure. CHEVAL Le r\u00f4le des couleurs et des caract\u00e9ristiques de la robe dans l&rsquo;\u00e9levage La couleur et la structure du pelage contribuent souvent de mani\u00e8re significative \u00e0 l&rsquo;apparence typique de la race d&rsquo;un animal. Certaines associations d&rsquo;\u00e9levage ne reconnaissent [&hellip;]<\/p>\n","protected":false},"author":5,"featured_media":0,"parent":0,"menu_order":75,"comment_status":"closed","ping_status":"closed","template":"","meta":{"footnotes":""},"class_list":["post-269890","page","type-page","status-publish","hentry"],"_links":{"self":[{"href":"https:\/\/labogen.com\/fr\/wp-json\/wp\/v2\/pages\/269890","targetHints":{"allow":["GET"]}}],"collection":[{"href":"https:\/\/labogen.com\/fr\/wp-json\/wp\/v2\/pages"}],"about":[{"href":"https:\/\/labogen.com\/fr\/wp-json\/wp\/v2\/types\/page"}],"author":[{"embeddable":true,"href":"https:\/\/labogen.com\/fr\/wp-json\/wp\/v2\/users\/5"}],"replies":[{"embeddable":true,"href":"https:\/\/labogen.com\/fr\/wp-json\/wp\/v2\/comments?post=269890"}],"version-history":[{"count":7,"href":"https:\/\/labogen.com\/fr\/wp-json\/wp\/v2\/pages\/269890\/revisions"}],"predecessor-version":[{"id":271623,"href":"https:\/\/labogen.com\/fr\/wp-json\/wp\/v2\/pages\/269890\/revisions\/271623"}],"wp:attachment":[{"href":"https:\/\/labogen.com\/fr\/wp-json\/wp\/v2\/media?parent=269890"}],"curies":[{"name":"wp","href":"https:\/\/api.w.org\/{rel}","templated":true}]}}